{"id":94,"date":"2024-11-06T19:32:44","date_gmt":"2024-11-06T22:32:44","guid":{"rendered":"https:\/\/opapb.org\/?page_id=94"},"modified":"2024-11-06T19:57:58","modified_gmt":"2024-11-06T22:57:58","slug":"historico-do-observatorio-paraibano-antirracismo","status":"publish","type":"page","link":"https:\/\/opapb.org\/?page_id=94","title":{"rendered":"Hist\u00f3rico do Observat\u00f3rio Paraibano Antirracismo"},"content":{"rendered":"\n<p>Segundo a idealizadora, co-fundadora e atual coordenadora geral do observat\u00f3rio, Marli Soares, o OPA, apesar de registrado em 2023, \u00e9 uma organiza\u00e7\u00e3o que nasceu em 2019 concomitante as atividades da Marcha da Negritude Unificada da Para\u00edba. Quando um grupo de pessoas se juntam e decidem atuar no enfrentamento ao racismo, em suas diversas faces, j\u00e1 havia o entendimento que n\u00e3o seria algo moment\u00e2neo ou apenas do contexto pol\u00edtico daquele momento hist\u00f3rico.<\/p>\n\n\n\n<h2 class=\"wp-block-heading\">Acompanhamento do PLANEPIR<\/h2>\n\n\n\n<p>A primeira atua\u00e7\u00e3o do Observat\u00f3rio Para\u00edbano Antirracismo, foi monitorar e acompanhar o Plano da Igualdade Racial. \u201cQuem e para quem estava sendo discutido esse plano?!. \u201cO observat\u00f3rio se mostra necess\u00e1rio para questionar, atuar e contribuir sobre essas quest\u00f5es no PLANEPPIR\u201d, afirma Marli Soares.<\/p>\n\n\n\n<h2 class=\"wp-block-heading\">Apoio \u00e0 candidaturas Negras nas Elei\u00e7\u00f5es Municipais<\/h2>\n\n\n\n<p>Nas elei\u00e7\u00f5es municipais de 2020, o Observat\u00f3rio Paraibano Antirracismo assume o compromisso de monitorar, acompanhar e atuar no combate ao racismo no per\u00edodo eleitoral. \u201cDesde ent\u00e3o, passamos por todas as inst\u00e2ncias e \u00f3rg\u00e3os, a exemplo da Defensoria do Estado e Minist\u00e9rio P\u00fablico, para uma constru\u00e7\u00e3o coletiva, aut\u00f4noma, democr\u00e1tica e com a participa\u00e7\u00e3o n\u00e3o s\u00f3 dos movimentos sociais mas, de toda sociedade Pessoense.<\/p>\n","protected":false},"excerpt":{"rendered":"<p>Segundo a idealizadora, co-fundadora e atual coordenadora geral do observat\u00f3rio, Marli Soares, o OPA, apesar de registrado em 2023, \u00e9 uma organiza\u00e7\u00e3o que nasceu em 2019 concomitante as atividades da Marcha da Negritude Unificada da Para\u00edba. Quando um grupo de pessoas se juntam e decidem atuar no enfrentamento ao racismo, em suas diversas faces, j\u00e1 [&#8230;]<\/p>\n<p><a class=\"btn btn-secondary conversions-read-more-link\" href=\"https:\/\/opapb.org\/?page_id=94\">Read More&#8230;<\/a><\/p>\n","protected":false},"author":1,"featured_media":0,"parent":0,"menu_order":0,"comment_status":"closed","ping_status":"closed","template":"","meta":{"om_disable_all_campaigns":false,"_monsterinsights_skip_tracking":false,"_monsterinsights_sitenote_active":false,"_monsterinsights_sitenote_note":"","_monsterinsights_sitenote_category":0,"footnotes":""},"class_list":["post-94","page","type-page","status-publish","hentry"],"aioseo_notices":[],"_links":{"self":[{"href":"https:\/\/opapb.org\/index.php?rest_route=\/wp\/v2\/pages\/94","targetHints":{"allow":["GET"]}}],"collection":[{"href":"https:\/\/opapb.org\/index.php?rest_route=\/wp\/v2\/pages"}],"about":[{"href":"https:\/\/opapb.org\/index.php?rest_route=\/wp\/v2\/types\/page"}],"author":[{"embeddable":true,"href":"https:\/\/opapb.org\/index.php?rest_route=\/wp\/v2\/users\/1"}],"replies":[{"embeddable":true,"href":"https:\/\/opapb.org\/index.php?rest_route=%2Fwp%2Fv2%2Fcomments&post=94"}],"version-history":[{"count":2,"href":"https:\/\/opapb.org\/index.php?rest_route=\/wp\/v2\/pages\/94\/revisions"}],"predecessor-version":[{"id":98,"href":"https:\/\/opapb.org\/index.php?rest_route=\/wp\/v2\/pages\/94\/revisions\/98"}],"wp:attachment":[{"href":"https:\/\/opapb.org\/index.php?rest_route=%2Fwp%2Fv2%2Fmedia&parent=94"}],"curies":[{"name":"wp","href":"https:\/\/api.w.org\/{rel}","templated":true}]}}